{"id":1346,"date":"2022-09-17T19:54:57","date_gmt":"2022-09-17T19:54:57","guid":{"rendered":"https:\/\/serveisdaltura.com\/avis-legal\/"},"modified":"2022-12-08T13:24:05","modified_gmt":"2022-12-08T13:24:05","slug":"avis-legal","status":"publish","type":"page","link":"https:\/\/serveisdaltura.com\/ca\/avis-legal\/","title":{"rendered":"Av\u00eds legal"},"content":{"rendered":"<div class=\"wpb-content-wrapper\"><p>[vc_row css_animation=&#8221;&#8221; row_type=&#8221;row&#8221; use_row_as_full_screen_section=&#8221;no&#8221; type=&#8221;full_width&#8221; angled_section=&#8221;no&#8221; text_align=&#8221;left&#8221; background_image_as_pattern=&#8221;without_pattern&#8221; full_width=&#8221;stretch_row_content&#8221; css=&#8221;.vc_custom_1638828337587{padding-right: 2% !important;padding-left: 2% !important;}&#8221;][vc_column][vc_empty_space][vc_column_text]<\/p>\n<h4><\/h4>\n<h4 style=\"text-align: justify;\">En compliment amb el deure informaci\u00f3 recollit a l&#8217;article 10 de la Llei 34\/2002, d&#8217;11 de juliol, de Serveis de la Societat de la Informaci\u00f3 i del Comer\u00e7 Electr\u00f2nic, a continuaci\u00f3 es reflecteixen les dades seg\u00fcents:<\/h4>\n<p>&nbsp;<\/p>\n<h4 style=\"text-align: justify;\">Empresa titular de la web: Octavian<\/h4>\n<h4 style=\"text-align: justify;\">C.I.F.:\u00a0 X-8911791-G<\/h4>\n<h4 style=\"text-align: justify;\">Direcci\u00f3: C\/ Corts Catalanes nr 22 piso 2-1<\/h4>\n<h4 style=\"text-align: justify;\">Tel\u00e8fon: 642 40 14 52<\/h4>\n<h4 style=\"text-align: justify;\">e-mail: info@serveisdaltura.com<\/h4>\n<p>&nbsp;<\/p>\n<h4 style=\"text-align: justify;\"><strong>OBJECTIU<\/strong><\/h4>\n<h4 style=\"text-align: justify;\">El Responsable posa a disposici\u00f3 dels usuaris aquest document amb qu\u00e8 pret\u00e9n donar compliment del que disposa la Llei 34\/2002, d&#8217;11 de juliol, de Serveis de la Societat de la Informaci\u00f3 i del Comer\u00e7 Electr\u00f2nic i les normatives vigents en mat\u00e8ria de Protecci\u00f3 de Dades, aix\u00ed com informar a tots els usuaris del lloc web respecte a quines s\u00f3n les condicions d\u00fas del mateix.<\/h4>\n<p>&nbsp;<\/p>\n<h4 style=\"text-align: justify;\">Tota persona que accedeixi a aquest lloc web assumeix el paper d&#8217;usuari, comprometent-se a l&#8217;observan\u00e7a i el compliment rigor\u00f3s de les disposicions aqu\u00ed disposades, aix\u00ed com a qualsevol altra disposici\u00f3 legal que sigui aplicable.<\/h4>\n<p>&nbsp;<\/p>\n<h4 style=\"text-align: justify;\">El Responsable es reserva el dret a modificar qualsevol tipus d&#8217;informaci\u00f3 que pogu\u00e9s apar\u00e8ixer al lloc web, sense que hi hagi obligaci\u00f3 de preavisar o posar en coneixement dels usuaris aquestes obligacions, entenent-se com a suficient amb la publicaci\u00f3 al lloc web del Responsable.<\/h4>\n<h4 style=\"text-align: justify;\"><\/h4>\n<p>&nbsp;<\/p>\n<h4 style=\"text-align: justify;\"><strong>RESPONSABILITAT<\/strong><\/h4>\n<h4 style=\"text-align: justify;\">El Responsable s&#8217;eximeix de qualsevol tipus de responsabilitat derivada de la informaci\u00f3 publicada al vostre lloc web, sempre que aquesta informaci\u00f3 hagi estat manipulada o introdu\u00efda per un tercer ali\u00e8 al mateix.<\/h4>\n<p>&nbsp;<\/p>\n<p>&nbsp;<\/p>\n<h4 style=\"text-align: justify;\"><strong>DIRECCIONS IP<\/strong><\/h4>\n<h4 style=\"text-align: justify;\">Els servidors del lloc web podran detectar autom\u00e0ticament l&#8217;adre\u00e7a IP i el nom de domini utilitzats per l&#8217;usuari.<\/h4>\n<p>&nbsp;<\/p>\n<h4 style=\"text-align: justify;\">Una adre\u00e7a IP \u00e9s un n\u00famero assignat autom\u00e0ticament a un ordinador quan aquest es connecta a Internet. Tota aquesta informaci\u00f3 \u00e9s registrada en un fitxer d&#8217;activitat del servidor, que permet el processament posterior de les dades per tal d&#8217;obtenir mesures \u00fanicament estad\u00edstiques que permetin con\u00e8ixer el nombre d&#8217;impressions de p\u00e0gines, el nombre de visites realitzades als servidors web, el ordre de visites, punt d&#8217;acc\u00e9s, etc.<\/h4>\n<h4 style=\"text-align: justify;\"><\/h4>\n<p>&nbsp;<\/p>\n<h4 style=\"text-align: justify;\"><strong>POL\u00cdTICA DE LINCS<\/strong><\/h4>\n<h4 style=\"text-align: justify;\">Des del present lloc web \u00e9s possible que es redirigeixi a continguts de tercers llocs web. At\u00e8s que El Responsable no pot controlar sempre els continguts introdu\u00efts pels tercers als seus llocs web, aquest no assumeix cap mena de responsabilitat respecte a aquests continguts. En tot cas, El Responsable manifesta que procedir\u00e0 a la retirada immediata de qualsevol contingut que pogu\u00e9s contravenir la legislaci\u00f3 nacional o internacional, la moral o l&#8217;ordre p\u00fablic, procedint a la retirada immediata de la redirecci\u00f3 a aquest lloc web, posant en coneixement de les autoritats competents el contingut en q\u00fcesti\u00f3.<\/h4>\n<p>&nbsp;<\/p>\n<h4 style=\"text-align: justify;\">El Responsable no es fa responsable de la informaci\u00f3 i continguts emmagatzemats, a t\u00edtol enunciatiu per\u00f2 no limitatiu, en f\u00f2rums, xats, generadors de blocs, comentaris, xarxes socials o qualsevol altre mitj\u00e0 que permeti a tercers publicar continguts de forma independent a la p\u00e0gina web del Responsable. No obstant aix\u00f2 i en compliment del que disposa l&#8217;art. 11 i 16 de la LSSICE, El Responsable es posa a disposici\u00f3 de tots els usuaris, autoritats i forces de seguretat, col\u00b7laborant de forma activa en la retirada o si \u00e9s el cas bloqueig de tots aquells continguts que poguessin afectar o contravenir la legislaci\u00f3 nacional, o internacional, drets de tercers o la moral i lordre p\u00fablic. En cas que l&#8217;usuari consideri que hi ha al lloc web algun contingut que pogu\u00e9s ser susceptible d&#8217;aquesta classificaci\u00f3, es prega que ho notifiqui de manera immediata a l&#8217;administrador del lloc web.<\/h4>\n<p>&nbsp;<\/p>\n<h4 style=\"text-align: justify;\">Aquest lloc web ha estat revisat i provat perqu\u00e8 funcioni correctament. En principi, es pot garantir el funcionament correcte els 365 dies de l&#8217;any, 24 hores al dia. Tot i aix\u00f2, El Responsable no descarta la possibilitat que hi hagi certs errors de programaci\u00f3, o que esdevinguin causes de for\u00e7a major, cat\u00e0strofes naturals, vagues, o circumst\u00e0ncies semblants que facin impossible l&#8217;acc\u00e9s a la p\u00e0gina web.<\/h4>\n<h4><\/h4>\n<h4 style=\"text-align: justify;\"><strong>\u00a0<\/strong><\/h4>\n<h4 style=\"text-align: justify;\"><strong>PROTECCI\u00d3 DE DADES<\/strong><\/h4>\n<h4 style=\"text-align: justify;\">El Responsable es troba profundament comprom\u00e8s en el compliment del que disposa la normativa vigent en mat\u00e8ria de protecci\u00f3 de dades, i en el context del nou marc normatiu establert en virtut del que disposa el Reglament (UE) 2016\/679 del Parlament Europeu i del Consell, de 27 d&#8217;abril de 2016, relatiu a la protecci\u00f3 de les persones f\u00edsiques pel que fa al tractament de dades personals ia la lliure circulaci\u00f3 d&#8217;aquestes dades (d&#8217;ara endavant, el RGPD), i la normativa Llei org\u00e0nica 3 \/2018, de 5 de desembre, de Protecci\u00f3 de Dades Personals i garantia dels drets digitals (d&#8217;ara endavant, el \u201cLOPDGDD\u201d).<\/h4>\n<p>&nbsp;<\/p>\n<h4 style=\"text-align: justify;\">Aix\u00ed mateix, El Responsable informa que d\u00f3na compliment a la Llei 34\/2002 d&#8217;11 de juliol, de Serveis de la Societat de la Informaci\u00f3 i el Comer\u00e7 Electr\u00f2nic i us sol\u00b7licitar\u00e0 el vostre consentiment al tractament de les vostres dades amb fins comercials en cada moment.<\/h4>\n<h4 style=\"text-align: justify;\"><\/h4>\n<p>&nbsp;<\/p>\n<h4 style=\"text-align: justify;\"><strong>PROPIETAT INTEL\u00b7LECTUAL E INDUSTRIAL<\/strong><\/h4>\n<h4 style=\"text-align: justify;\">El lloc web, incloent a t\u00edtol enunciatiu per\u00f2 no limitatiu la seva programaci\u00f3, edici\u00f3, compilaci\u00f3 i altres elements necessaris per al seu funcionament, els dissenys, logotips, text i\/o gr\u00e0fics s\u00f3n propietat del Responsable o si escau disposa de llic\u00e8ncia o autoritzaci\u00f3 expressa per part dels autors.<\/h4>\n<p>&nbsp;<\/p>\n<h4 style=\"text-align: justify;\">Tots els continguts del lloc web estan degudament protegits per la normativa de propietat intel\u00b7lectual i industrial.<\/h4>\n<p>&nbsp;<\/p>\n<h4 style=\"text-align: justify;\">Independentment de la finalitat per a la qual fossin destinats, la reproducci\u00f3 total o parcial, \u00fas, explotaci\u00f3, distribuci\u00f3 i comercialitzaci\u00f3 requereix en tot cas l&#8217;autoritzaci\u00f3 escrita pr\u00e8via per part del Responsable. Qualsevol \u00fas no autoritzat pr\u00e8viament per part del responsable ser\u00e0 considerat un incompliment greu dels drets de propietat intel\u00b7lectual o industrial de l&#8217;autor.<\/h4>\n<p>&nbsp;<\/p>\n<h4 style=\"text-align: justify;\">Els dissenys, logotips, text i\/o gr\u00e0fics aliens al prestador i que poguessin apar\u00e8ixer al lloc web, pertanyen als seus respectius propietaris, sent ells mateixos responsables de qualsevol possible controv\u00e8rsia que pogu\u00e9s suscitar-se respecte a aquests. En tot cas, El Responsable compta amb lautoritzaci\u00f3 expressa i pr\u00e8via per part dels mateixos.<\/h4>\n<p>&nbsp;<\/p>\n<h4 style=\"text-align: justify;\">El Responsable autoritza expressament que tercers puguin redirigir directament als continguts concrets del lloc web, i en tot cas ha de redirigir a la p\u00e0gina principal del lloc web del Responsable.<\/h4>\n<p>&nbsp;<\/p>\n<h4 style=\"text-align: justify;\">El Responsable reconeix a favor dels seus titulars els corresponents drets de propietat intel\u00b7lectual i industrial, i no implica la seva sola menci\u00f3 o aparici\u00f3 en el lloc web l&#8217;exist\u00e8ncia de drets o responsabilitat del Responsable sobre aquests, com tampoc suport, patrocini o recomanaci\u00f3 pel seu part.<\/h4>\n<p>&nbsp;<\/p>\n<h4 style=\"text-align: justify;\">Per a totes aquelles imatges en qu\u00e8 el programari de disseny ho permet, s&#8217;han incl\u00f2s les refer\u00e8ncies corresponents a l&#8217;autoria i la llic\u00e8ncia corresponent.<\/h4>\n<p>&nbsp;<\/p>\n<h4 style=\"text-align: justify;\">Per realitzar qualsevol tipus d&#8217;observaci\u00f3 respecte a possibles incompliments dels drets de propietat intel\u00b7lectual o industrial, aix\u00ed com sobre qualsevol dels continguts del lloc web, podeu fer-ho per escrit o correu electr\u00f2nic indicat a l&#8217;encap\u00e7alament.<\/h4>\n<h4 style=\"text-align: justify;\"><\/h4>\n<p>&nbsp;<\/p>\n<h4 style=\"text-align: justify;\"><strong>SSL<\/strong><\/h4>\n<h4 style=\"text-align: justify;\">El Responsable ha contractat per al vostre lloc web un certificat SSL (&#8220;Secure Sockets Layer&#8221;).<\/h4>\n<p>&nbsp;<\/p>\n<h4 style=\"text-align: justify;\">Un certificat SSL permet protegir tota la informaci\u00f3 personal i confidencial que es pugui manejar en un lloc web, independentment de la informaci\u00f3 que s&#8217;estigui transmetent, com ara des de qualsevol dels formularis de contacte del lloc web fins al servidor, o les dades introdu\u00efts per a la subscripci\u00f3 de butlletins de not\u00edcies o accessos a les \u00e0rees protegides, etc.<\/h4>\n<p>&nbsp;<\/p>\n<h4 style=\"text-align: justify;\">L&#8217;adre\u00e7a del lloc web apareixer\u00e0 de color verd, activant-se el protocol \u201chttps\u201d que permet connexions segures des d&#8217;un servidor web al navegador de l&#8217;usuari.<\/h4>\n<p>[\/vc_column_text][vc_empty_space][\/vc_column][\/vc_row]<\/p>\n<\/div>","protected":false},"excerpt":{"rendered":"<p>[vc_row css_animation=&#8221;&#8221; row_type=&#8221;row&#8221; use_row_as_full_screen_section=&#8221;no&#8221; type=&#8221;full_width&#8221; angled_section=&#8221;no&#8221; text_align=&#8221;left&#8221; background_image_as_pattern=&#8221;without_pattern&#8221; full_width=&#8221;stretch_row_content&#8221; css=&#8221;.vc_custom_1638828337587{padding-right: 2% !important;padding-left: 2% !important;}&#8221;][vc_column][vc_empty_space][vc_column_text] En compliment amb el deure informaci\u00f3 recollit a l&#8217;article 10 de la Llei 34\/2002, d&#8217;11 de juliol, de Serveis de la Societat de la Informaci\u00f3 i del Comer\u00e7 Electr\u00f2nic, a continuaci\u00f3&#8230;<\/p>\n","protected":false},"author":1,"featured_media":0,"parent":0,"menu_order":0,"comment_status":"closed","ping_status":"closed","template":"full_width.php","meta":{"_themeisle_gutenberg_block_has_review":false,"footnotes":""},"class_list":["post-1346","page","type-page","status-publish","hentry"],"yoast_head":"<!-- This site is optimized with the Yoast SEO plugin v26.6 - https:\/\/yoast.com\/wordpress\/plugins\/seo\/ -->\n<title>Av\u00eds legal - serveisdaltura<\/title>\n<meta name=\"robots\" content=\"index, follow, max-snippet:-1, max-image-preview:large, max-video-preview:-1\" \/>\n<link rel=\"canonical\" href=\"https:\/\/serveisdaltura.com\/ca\/avis-legal\/\" \/>\n<meta property=\"og:locale\" content=\"ca_ES\" \/>\n<meta property=\"og:type\" content=\"article\" \/>\n<meta property=\"og:title\" content=\"Av\u00eds legal - serveisdaltura\" \/>\n<meta property=\"og:description\" content=\"[vc_row css_animation=&#8221;&#8221; row_type=&#8221;row&#8221; use_row_as_full_screen_section=&#8221;no&#8221; type=&#8221;full_width&#8221; angled_section=&#8221;no&#8221; text_align=&#8221;left&#8221; background_image_as_pattern=&#8221;without_pattern&#8221; full_width=&#8221;stretch_row_content&#8221; css=&#8221;.vc_custom_1638828337587{padding-right: 2% !important;padding-left: 2% !important;}&#8221;][vc_column][vc_empty_space][vc_column_text] En compliment amb el deure informaci\u00f3 recollit a l&#8217;article 10 de la Llei 34\/2002, d&#8217;11 de juliol, de Serveis de la Societat de la Informaci\u00f3 i del Comer\u00e7 Electr\u00f2nic, a continuaci\u00f3...\" \/>\n<meta property=\"og:url\" content=\"https:\/\/serveisdaltura.com\/ca\/avis-legal\/\" \/>\n<meta property=\"og:site_name\" content=\"serveisdaltura\" \/>\n<meta property=\"article:modified_time\" content=\"2022-12-08T13:24:05+00:00\" \/>\n<meta name=\"twitter:card\" content=\"summary_large_image\" \/>\n<meta name=\"twitter:label1\" content=\"Temps estimat de lectura\" \/>\n\t<meta name=\"twitter:data1\" content=\"6 minuts\" \/>\n<script type=\"application\/ld+json\" class=\"yoast-schema-graph\">{\"@context\":\"https:\/\/schema.org\",\"@graph\":[{\"@type\":\"WebPage\",\"@id\":\"https:\/\/serveisdaltura.com\/ca\/avis-legal\/\",\"url\":\"https:\/\/serveisdaltura.com\/ca\/avis-legal\/\",\"name\":\"Av\u00eds legal - serveisdaltura\",\"isPartOf\":{\"@id\":\"https:\/\/serveisdaltura.com\/ca\/#website\"},\"datePublished\":\"2022-09-17T19:54:57+00:00\",\"dateModified\":\"2022-12-08T13:24:05+00:00\",\"breadcrumb\":{\"@id\":\"https:\/\/serveisdaltura.com\/ca\/avis-legal\/#breadcrumb\"},\"inLanguage\":\"ca\",\"potentialAction\":[{\"@type\":\"ReadAction\",\"target\":[\"https:\/\/serveisdaltura.com\/ca\/avis-legal\/\"]}]},{\"@type\":\"BreadcrumbList\",\"@id\":\"https:\/\/serveisdaltura.com\/ca\/avis-legal\/#breadcrumb\",\"itemListElement\":[{\"@type\":\"ListItem\",\"position\":1,\"name\":\"Portada\",\"item\":\"https:\/\/serveisdaltura.com\/ca\/serveis-altura\/\"},{\"@type\":\"ListItem\",\"position\":2,\"name\":\"Av\u00eds legal\"}]},{\"@type\":\"WebSite\",\"@id\":\"https:\/\/serveisdaltura.com\/ca\/#website\",\"url\":\"https:\/\/serveisdaltura.com\/ca\/\",\"name\":\"serveisdaltura\",\"description\":\"Profesionales ens los servicios de altura. Redes para palomas, pintura, limpieza, colocaci\u00f3n de pinchos, rehabilitaci\u00f3n de fachadas y otros servicios de dif\u00edcil acceso.\",\"potentialAction\":[{\"@type\":\"SearchAction\",\"target\":{\"@type\":\"EntryPoint\",\"urlTemplate\":\"https:\/\/serveisdaltura.com\/ca\/?s={search_term_string}\"},\"query-input\":{\"@type\":\"PropertyValueSpecification\",\"valueRequired\":true,\"valueName\":\"search_term_string\"}}],\"inLanguage\":\"ca\"}]}<\/script>\n<!-- \/ Yoast SEO plugin. -->","yoast_head_json":{"title":"Av\u00eds legal - serveisdaltura","robots":{"index":"index","follow":"follow","max-snippet":"max-snippet:-1","max-image-preview":"max-image-preview:large","max-video-preview":"max-video-preview:-1"},"canonical":"https:\/\/serveisdaltura.com\/ca\/avis-legal\/","og_locale":"ca_ES","og_type":"article","og_title":"Av\u00eds legal - serveisdaltura","og_description":"[vc_row css_animation=&#8221;&#8221; row_type=&#8221;row&#8221; use_row_as_full_screen_section=&#8221;no&#8221; type=&#8221;full_width&#8221; angled_section=&#8221;no&#8221; text_align=&#8221;left&#8221; background_image_as_pattern=&#8221;without_pattern&#8221; full_width=&#8221;stretch_row_content&#8221; css=&#8221;.vc_custom_1638828337587{padding-right: 2% !important;padding-left: 2% !important;}&#8221;][vc_column][vc_empty_space][vc_column_text] En compliment amb el deure informaci\u00f3 recollit a l&#8217;article 10 de la Llei 34\/2002, d&#8217;11 de juliol, de Serveis de la Societat de la Informaci\u00f3 i del Comer\u00e7 Electr\u00f2nic, a continuaci\u00f3...","og_url":"https:\/\/serveisdaltura.com\/ca\/avis-legal\/","og_site_name":"serveisdaltura","article_modified_time":"2022-12-08T13:24:05+00:00","twitter_card":"summary_large_image","twitter_misc":{"Temps estimat de lectura":"6 minuts"},"schema":{"@context":"https:\/\/schema.org","@graph":[{"@type":"WebPage","@id":"https:\/\/serveisdaltura.com\/ca\/avis-legal\/","url":"https:\/\/serveisdaltura.com\/ca\/avis-legal\/","name":"Av\u00eds legal - serveisdaltura","isPartOf":{"@id":"https:\/\/serveisdaltura.com\/ca\/#website"},"datePublished":"2022-09-17T19:54:57+00:00","dateModified":"2022-12-08T13:24:05+00:00","breadcrumb":{"@id":"https:\/\/serveisdaltura.com\/ca\/avis-legal\/#breadcrumb"},"inLanguage":"ca","potentialAction":[{"@type":"ReadAction","target":["https:\/\/serveisdaltura.com\/ca\/avis-legal\/"]}]},{"@type":"BreadcrumbList","@id":"https:\/\/serveisdaltura.com\/ca\/avis-legal\/#breadcrumb","itemListElement":[{"@type":"ListItem","position":1,"name":"Portada","item":"https:\/\/serveisdaltura.com\/ca\/serveis-altura\/"},{"@type":"ListItem","position":2,"name":"Av\u00eds legal"}]},{"@type":"WebSite","@id":"https:\/\/serveisdaltura.com\/ca\/#website","url":"https:\/\/serveisdaltura.com\/ca\/","name":"serveisdaltura","description":"Profesionales ens los servicios de altura. Redes para palomas, pintura, limpieza, colocaci\u00f3n de pinchos, rehabilitaci\u00f3n de fachadas y otros servicios de dif\u00edcil acceso.","potentialAction":[{"@type":"SearchAction","target":{"@type":"EntryPoint","urlTemplate":"https:\/\/serveisdaltura.com\/ca\/?s={search_term_string}"},"query-input":{"@type":"PropertyValueSpecification","valueRequired":true,"valueName":"search_term_string"}}],"inLanguage":"ca"}]}},"_links":{"self":[{"href":"https:\/\/serveisdaltura.com\/ca\/wp-json\/wp\/v2\/pages\/1346","targetHints":{"allow":["GET"]}}],"collection":[{"href":"https:\/\/serveisdaltura.com\/ca\/wp-json\/wp\/v2\/pages"}],"about":[{"href":"https:\/\/serveisdaltura.com\/ca\/wp-json\/wp\/v2\/types\/page"}],"author":[{"embeddable":true,"href":"https:\/\/serveisdaltura.com\/ca\/wp-json\/wp\/v2\/users\/1"}],"replies":[{"embeddable":true,"href":"https:\/\/serveisdaltura.com\/ca\/wp-json\/wp\/v2\/comments?post=1346"}],"version-history":[{"count":3,"href":"https:\/\/serveisdaltura.com\/ca\/wp-json\/wp\/v2\/pages\/1346\/revisions"}],"predecessor-version":[{"id":1445,"href":"https:\/\/serveisdaltura.com\/ca\/wp-json\/wp\/v2\/pages\/1346\/revisions\/1445"}],"wp:attachment":[{"href":"https:\/\/serveisdaltura.com\/ca\/wp-json\/wp\/v2\/media?parent=1346"}],"curies":[{"name":"wp","href":"https:\/\/api.w.org\/{rel}","templated":true}]}}